{"id":8,"date":"2017-12-21T15:54:42","date_gmt":"2017-12-21T14:54:42","guid":{"rendered":"http:\/\/florianemariellejob.fr\/?page_id=8"},"modified":"2026-08-23T14:34:33","modified_gmt":"2026-08-23T12:34:33","slug":"portfolio","status":"publish","type":"page","link":"https:\/\/florianemariellejob.fr\/index.php\/portfolio\/","title":{"rendered":"Portfolio"},"content":{"rendered":"\n\t\t\t<div class=\"display-post-types\">\n\n\t\t\t\t\t\t\t<style type=\"text\/css\">\n\t\t\t#dpt-wrapper-22 { --dpt-text-align: left;--dpt-image-crop: center;--dpt-border-radius: 5px;--dpt-h-gutter: 10px;--dpt-v-gutter: 10px; }\t\t\t<\/style>\n\t\t\t<style type=\"text\/css\">#dpt-wrapper-22 { --dpt-title-font-style:normal;--dpt-title-font-weight:600;--dpt-title-line-height:1.5;--dpt-title-text-decoration:none;--dpt-title-text-transform:none;--dpt-excerpt-font-style:normal;--dpt-excerpt-font-weight:400;--dpt-excerpt-line-height:1.5;--dpt-excerpt-text-decoration:none;--dpt-excerpt-text-transform:none;--dpt-meta1-font-style:normal;--dpt-meta1-font-weight:400;--dpt-meta1-line-height:1.9;--dpt-meta1-text-decoration:none;--dpt-meta1-text-transform:none;--dpt-meta2-font-style:normal;--dpt-meta2-font-weight:400;--dpt-meta2-line-height:1.9;--dpt-meta2-text-decoration:none;--dpt-meta2-text-transform:none; }<\/style>\t\t\t\n\t\t\t\t<div id=\"dpt-wrapper-22\" class=\"dpt-wrapper dpt-mag1 land1 dpt-cropped dpt-flex-wrap\" >\n\n\t\t\t\t\t\t\t\t\t\t\t<div class=\"dpt-entry has-thumbnail\" data-title=\"formation \/\/ le management paisible au c\u0153ur de l\u2019universit\u00e9 de l\u2019innovation publique territoriale\" data-id=\"1037\"  data-category=\"portfolio\" data-post_tag=\"changement intervention management\">\n\t\t\t\t\t\t\t<div class=\"dpt-entry-wrapper\"><div class=\" dpt-featured-content\"><div class=\" dpt-permalink\"><a href=\"https:\/\/florianemariellejob.fr\/index.php\/2026\/08\/22\/formation-le-management-paisible-au-coeur-de-luniversite-de-linnovation-publique-territoriale\/\" class=\"dpt-permalink\"><span class=\"screen-reader-text\">Formation \/\/ Le management paisible au c\u0153ur de l\u2019universit\u00e9 de l\u2019innovation publique territoriale<\/span><\/a><\/div><div class=\" dpt-thumbnail\"><div class=\"dpt-thumbnail-inner\"><img width=\"1080\" height=\"1080\" class=\"attachment-full size-full no-lazy\" alt=\"\" context=\"dpt\" data-dpt-src=\"https:\/\/florianemariellejob.fr\/wp-content\/uploads\/2026\/08\/Design-sans-titre.jpg\" data-dpt-sizes=\"(max-width: 709px) 85vw, (max-width: 909px) 67vw, (max-width: 1362px) 62vw, 840px\" data-dpt-srcset=\"https:\/\/florianemariellejob.fr\/wp-content\/uploads\/2026\/08\/Design-sans-titre.jpg 1080w, https:\/\/florianemariellejob.fr\/wp-content\/uploads\/2026\/08\/Design-sans-titre-300x300.jpg 300w, https:\/\/florianemariellejob.fr\/wp-content\/uploads\/2026\/08\/Design-sans-titre-1024x1024.jpg 1024w, https:\/\/florianemariellejob.fr\/wp-content\/uploads\/2026\/08\/Design-sans-titre-150x150.jpg 150w, https:\/\/florianemariellejob.fr\/wp-content\/uploads\/2026\/08\/Design-sans-titre-768x768.jpg 768w\" \/><\/div><span class=\"dpt-thumbnail-aspect-ratio\" style=\"padding-top: 75%\"><\/span><\/div><\/div><div class=\" sub-entry\"><h3 class=\" dpt-title\"><a class=\"dpt-title-link\" href=\"https:\/\/florianemariellejob.fr\/index.php\/2026\/08\/22\/formation-le-management-paisible-au-coeur-de-luniversite-de-linnovation-publique-territoriale\/\" rel=\"bookmark\">Formation \/\/ Le management paisible au c\u0153ur de l\u2019universit\u00e9 de l\u2019innovation publique territoriale<\/a><\/h3><div class=\"dpt-meta1 dpt-meta\"><div class=\" dpt-author\"><a href=\"https:\/\/florianemariellejob.fr\/index.php\/author\/admin4044\/\"><span>Floriane-Marielle JOB<\/span><\/a><\/div> &middot; <div class=\" dpt-date\"><time datetime=\"2026-08-22T13:59:12+02:00\">22\/08\/2026<\/time><\/div><\/div><\/div><\/div>\n\t\t\t\t\t\t<\/div><!-- .dpt-entry -->\n\t\t\t\t\t\t\t\t\t\t\t\t<div class=\"dpt-entry has-thumbnail\" data-title=\"intervention \/\/ puzzle aux fronti\u00e8res de l\u2019espace \u2013 congr\u00e8s abf 2019\" data-id=\"1059\"  data-category=\"portfolio\" data-post_tag=\"intervention projet de service\">\n\t\t\t\t\t\t\t<div class=\"dpt-entry-wrapper\"><div class=\" dpt-featured-content\"><div class=\" dpt-permalink\"><a href=\"https:\/\/florianemariellejob.fr\/index.php\/2026\/08\/22\/intervention-puzzle-aux-frontieres-de-lespace-congres-abf-2019\/\" class=\"dpt-permalink\"><span class=\"screen-reader-text\">Intervention \/\/ Puzzle aux fronti\u00e8res de l\u2019espace \u2013 Congr\u00e8s ABF 2019<\/span><\/a><\/div><div class=\" dpt-thumbnail\"><div class=\"dpt-thumbnail-inner\"><img width=\"1080\" height=\"1080\" class=\"attachment-full size-full no-lazy\" alt=\"\" context=\"dpt\" data-dpt-src=\"https:\/\/florianemariellejob.fr\/wp-content\/uploads\/2020\/08\/abf.png\" data-dpt-sizes=\"(max-width: 709px) 85vw, (max-width: 909px) 67vw, (max-width: 1362px) 62vw, 840px\" data-dpt-srcset=\"https:\/\/florianemariellejob.fr\/wp-content\/uploads\/2020\/08\/abf.png 1080w, https:\/\/florianemariellejob.fr\/wp-content\/uploads\/2020\/08\/abf-300x300.png 300w, https:\/\/florianemariellejob.fr\/wp-content\/uploads\/2020\/08\/abf-1024x1024.png 1024w, https:\/\/florianemariellejob.fr\/wp-content\/uploads\/2020\/08\/abf-150x150.png 150w, https:\/\/florianemariellejob.fr\/wp-content\/uploads\/2020\/08\/abf-768x768.png 768w\" \/><\/div><span class=\"dpt-thumbnail-aspect-ratio\" style=\"padding-top: 75%\"><\/span><\/div><\/div><div class=\" sub-entry\"><h3 class=\" dpt-title\"><a class=\"dpt-title-link\" href=\"https:\/\/florianemariellejob.fr\/index.php\/2026\/08\/22\/intervention-puzzle-aux-frontieres-de-lespace-congres-abf-2019\/\" rel=\"bookmark\">Intervention \/\/ Puzzle aux fronti\u00e8res de l\u2019espace \u2013 Congr\u00e8s ABF 2019<\/a><\/h3><div class=\"dpt-meta1 dpt-meta\"><div class=\" dpt-author\"><a href=\"https:\/\/florianemariellejob.fr\/index.php\/author\/admin4044\/\"><span>Floriane-Marielle JOB<\/span><\/a><\/div> &middot; <div class=\" dpt-date\"><time datetime=\"2026-08-22T14:25:20+02:00\">22\/08\/2026<\/time><\/div><\/div><\/div><\/div>\n\t\t\t\t\t\t<\/div><!-- .dpt-entry -->\n\t\t\t\t\t\t\t\t\t\t\t\t<div class=\"dpt-entry has-thumbnail\" data-title=\"presse \/\/ qui est floriane-marielle job, 29 ans et d\u00e9j\u00e0 directrice du tiers-lieu puzzle ?\" data-id=\"1079\"  data-category=\"portfolio\" data-post_tag=\"portrait\">\n\t\t\t\t\t\t\t<div class=\"dpt-entry-wrapper\"><div class=\" dpt-featured-content\"><div class=\" dpt-permalink\"><a href=\"https:\/\/florianemariellejob.fr\/index.php\/2026\/08\/22\/presse-qui-est-floriane-marielle-job-29-ans-et-deja-directrice-du-tiers-lieu-puzzle\/\" class=\"dpt-permalink\"><span class=\"screen-reader-text\">Presse \/\/ Qui est Floriane-Marielle Job, 29 ans et d\u00e9j\u00e0 directrice du tiers-lieu Puzzle ?<\/span><\/a><\/div><div class=\" dpt-thumbnail\"><div class=\"dpt-thumbnail-inner\"><img width=\"1080\" height=\"1080\" class=\"attachment-full size-full no-lazy\" alt=\"\" context=\"dpt\" data-dpt-src=\"https:\/\/florianemariellejob.fr\/wp-content\/uploads\/2021\/08\/Sans-titre.png\" data-dpt-sizes=\"(max-width: 709px) 85vw, (max-width: 909px) 67vw, (max-width: 1362px) 62vw, 840px\" data-dpt-srcset=\"https:\/\/florianemariellejob.fr\/wp-content\/uploads\/2021\/08\/Sans-titre.png 1080w, https:\/\/florianemariellejob.fr\/wp-content\/uploads\/2021\/08\/Sans-titre-300x300.png 300w, https:\/\/florianemariellejob.fr\/wp-content\/uploads\/2021\/08\/Sans-titre-1024x1024.png 1024w, https:\/\/florianemariellejob.fr\/wp-content\/uploads\/2021\/08\/Sans-titre-150x150.png 150w, https:\/\/florianemariellejob.fr\/wp-content\/uploads\/2021\/08\/Sans-titre-768x768.png 768w\" \/><\/div><span class=\"dpt-thumbnail-aspect-ratio\" style=\"padding-top: 75%\"><\/span><\/div><\/div><div class=\" sub-entry\"><h3 class=\" dpt-title\"><a class=\"dpt-title-link\" href=\"https:\/\/florianemariellejob.fr\/index.php\/2026\/08\/22\/presse-qui-est-floriane-marielle-job-29-ans-et-deja-directrice-du-tiers-lieu-puzzle\/\" rel=\"bookmark\">Presse \/\/ Qui est Floriane-Marielle Job, 29 ans et d\u00e9j\u00e0 directrice du tiers-lieu Puzzle ?<\/a><\/h3><div class=\"dpt-meta1 dpt-meta\"><div class=\" dpt-author\"><a href=\"https:\/\/florianemariellejob.fr\/index.php\/author\/admin4044\/\"><span>Floriane-Marielle JOB<\/span><\/a><\/div> &middot; <div class=\" dpt-date\"><time datetime=\"2026-08-22T14:44:33+02:00\">22\/08\/2026<\/time><\/div><\/div><\/div><\/div>\n\t\t\t\t\t\t<\/div><!-- .dpt-entry -->\n\t\t\t\t\t\t\t\t\t\t\t\t<div class=\"dpt-entry has-thumbnail\" data-title=\"editos \/\/ tire-lignes \u2013 les nouveaux chemins de la lecture\" data-id=\"1091\"  data-category=\"portfolio\" data-post_tag=\"intervention\">\n\t\t\t\t\t\t\t<div class=\"dpt-entry-wrapper\"><div class=\" dpt-featured-content\"><div class=\" dpt-permalink\"><a href=\"https:\/\/florianemariellejob.fr\/index.php\/2026\/08\/22\/editos-tire-lignes-les-nouveaux-chemins-de-la-lecture\/\" class=\"dpt-permalink\"><span class=\"screen-reader-text\">Editos \/\/ Tire-Lignes \u2013 Les nouveaux chemins de la lecture<\/span><\/a><\/div><div class=\" dpt-thumbnail\"><div class=\"dpt-thumbnail-inner\"><img width=\"1080\" height=\"1080\" class=\"attachment-full size-full no-lazy\" alt=\"\" context=\"dpt\" data-dpt-src=\"https:\/\/florianemariellejob.fr\/wp-content\/uploads\/2021\/01\/Tire-ligne.png\" data-dpt-sizes=\"(max-width: 709px) 85vw, (max-width: 909px) 67vw, (max-width: 1362px) 62vw, 840px\" data-dpt-srcset=\"https:\/\/florianemariellejob.fr\/wp-content\/uploads\/2021\/01\/Tire-ligne.png 1080w, https:\/\/florianemariellejob.fr\/wp-content\/uploads\/2021\/01\/Tire-ligne-300x300.png 300w, https:\/\/florianemariellejob.fr\/wp-content\/uploads\/2021\/01\/Tire-ligne-1024x1024.png 1024w, https:\/\/florianemariellejob.fr\/wp-content\/uploads\/2021\/01\/Tire-ligne-150x150.png 150w, https:\/\/florianemariellejob.fr\/wp-content\/uploads\/2021\/01\/Tire-ligne-768x768.png 768w\" \/><\/div><span class=\"dpt-thumbnail-aspect-ratio\" style=\"padding-top: 75%\"><\/span><\/div><\/div><div class=\" sub-entry\"><h3 class=\" dpt-title\"><a class=\"dpt-title-link\" href=\"https:\/\/florianemariellejob.fr\/index.php\/2026\/08\/22\/editos-tire-lignes-les-nouveaux-chemins-de-la-lecture\/\" rel=\"bookmark\">Editos \/\/ Tire-Lignes \u2013 Les nouveaux chemins de la lecture<\/a><\/h3><div class=\"dpt-meta1 dpt-meta\"><div class=\" dpt-author\"><a href=\"https:\/\/florianemariellejob.fr\/index.php\/author\/admin4044\/\"><span>Floriane-Marielle JOB<\/span><\/a><\/div> &middot; <div class=\" dpt-date\"><time datetime=\"2026-08-22T14:50:25+02:00\">22\/08\/2026<\/time><\/div><\/div><\/div><\/div>\n\t\t\t\t\t\t<\/div><!-- .dpt-entry -->\n\t\t\t\t\t\t\t\t\t\t\t\t<div class=\"dpt-entry has-thumbnail\" data-title=\"animation \/\/ congr\u00e8s de l\u2019abf 2024 : biblioth\u00e9caires la culture de l\u2019action\" data-id=\"1034\"  data-category=\"portfolio\" data-post_tag=\"action culturelle gestion de projet intervention\">\n\t\t\t\t\t\t\t<div class=\"dpt-entry-wrapper\"><div class=\" dpt-featured-content\"><div class=\" dpt-permalink\"><a href=\"https:\/\/florianemariellejob.fr\/index.php\/2026\/08\/22\/animation-congres-de-labf-2024-bibliothecaires-la-culture-de-laction\/\" class=\"dpt-permalink\"><span class=\"screen-reader-text\">Animation \/\/ Congr\u00e8s de l\u2019ABF 2024 : biblioth\u00e9caires la culture de l\u2019action<\/span><\/a><\/div><div class=\" dpt-thumbnail\"><div class=\"dpt-thumbnail-inner\"><img width=\"1080\" height=\"1080\" class=\"attachment-full size-full no-lazy\" alt=\"\" context=\"dpt\" data-dpt-src=\"https:\/\/florianemariellejob.fr\/wp-content\/uploads\/2026\/08\/Design-sans-titre-2.jpg\" data-dpt-sizes=\"(max-width: 709px) 85vw, (max-width: 909px) 67vw, (max-width: 1362px) 62vw, 840px\" data-dpt-srcset=\"https:\/\/florianemariellejob.fr\/wp-content\/uploads\/2026\/08\/Design-sans-titre-2.jpg 1080w, https:\/\/florianemariellejob.fr\/wp-content\/uploads\/2026\/08\/Design-sans-titre-2-300x300.jpg 300w, https:\/\/florianemariellejob.fr\/wp-content\/uploads\/2026\/08\/Design-sans-titre-2-1024x1024.jpg 1024w, https:\/\/florianemariellejob.fr\/wp-content\/uploads\/2026\/08\/Design-sans-titre-2-150x150.jpg 150w, https:\/\/florianemariellejob.fr\/wp-content\/uploads\/2026\/08\/Design-sans-titre-2-768x768.jpg 768w\" \/><\/div><span class=\"dpt-thumbnail-aspect-ratio\" style=\"padding-top: 75%\"><\/span><\/div><\/div><div class=\" sub-entry\"><h3 class=\" dpt-title\"><a class=\"dpt-title-link\" href=\"https:\/\/florianemariellejob.fr\/index.php\/2026\/08\/22\/animation-congres-de-labf-2024-bibliothecaires-la-culture-de-laction\/\" rel=\"bookmark\">Animation \/\/ Congr\u00e8s de l\u2019ABF 2024 : biblioth\u00e9caires la culture de l\u2019action<\/a><\/h3><div class=\"dpt-meta1 dpt-meta\"><div class=\" dpt-author\"><a href=\"https:\/\/florianemariellejob.fr\/index.php\/author\/admin4044\/\"><span>Floriane-Marielle JOB<\/span><\/a><\/div> &middot; <div class=\" dpt-date\"><time datetime=\"2026-08-22T12:02:33+02:00\">22\/08\/2026<\/time><\/div><\/div><\/div><\/div>\n\t\t\t\t\t\t<\/div><!-- .dpt-entry -->\n\t\t\t\t\t\t\t\t\t\t\t\t<div class=\"dpt-entry has-thumbnail\" data-title=\"editos \/\/ 20 years of unesco world book capital, what is next for this program in europe ?\" data-id=\"1106\"  data-category=\"portfolio\" data-post_tag=\"editos intervention\">\n\t\t\t\t\t\t\t<div class=\"dpt-entry-wrapper\"><div class=\" dpt-featured-content\"><div class=\" dpt-permalink\"><a href=\"https:\/\/florianemariellejob.fr\/index.php\/2026\/08\/22\/editos-20-years-of-unesco-world-book-capital-what-is-next-for-this-program-in-europe\/\" class=\"dpt-permalink\"><span class=\"screen-reader-text\">Editos \/\/ 20 years of UNESCO World Book Capital, what is next for this program in Europe ?<\/span><\/a><\/div><div class=\" dpt-thumbnail\"><div class=\"dpt-thumbnail-inner\"><img width=\"498\" height=\"401\" class=\"attachment-full size-full no-lazy\" alt=\"\" context=\"dpt\" data-dpt-src=\"https:\/\/florianemariellejob.fr\/wp-content\/uploads\/2026\/08\/images.jpg\" data-dpt-sizes=\"(max-width: 498px) 85vw, 498px\" data-dpt-srcset=\"https:\/\/florianemariellejob.fr\/wp-content\/uploads\/2026\/08\/images.jpg 498w, https:\/\/florianemariellejob.fr\/wp-content\/uploads\/2026\/08\/images-300x242.jpg 300w\" \/><\/div><span class=\"dpt-thumbnail-aspect-ratio\" style=\"padding-top: 75%\"><\/span><\/div><\/div><div class=\" sub-entry\"><h3 class=\" dpt-title\"><a class=\"dpt-title-link\" href=\"https:\/\/florianemariellejob.fr\/index.php\/2026\/08\/22\/editos-20-years-of-unesco-world-book-capital-what-is-next-for-this-program-in-europe\/\" rel=\"bookmark\">Editos \/\/ 20 years of UNESCO World Book Capital, what is next for this program in Europe ?<\/a><\/h3><div class=\"dpt-meta1 dpt-meta\"><div class=\" dpt-author\"><a href=\"https:\/\/florianemariellejob.fr\/index.php\/author\/admin4044\/\"><span>Floriane-Marielle JOB<\/span><\/a><\/div> &middot; <div class=\" dpt-date\"><time datetime=\"2026-08-22T15:05:53+02:00\">22\/08\/2026<\/time><\/div><\/div><\/div><\/div>\n\t\t\t\t\t\t<\/div><!-- .dpt-entry -->\n\t\t\t\t\t\t\t\t\t\t\t\t<div class=\"dpt-entry has-thumbnail\" data-title=\"intervention \/\/ rencontre m\u00e9diation r\u00e9alit\u00e9 virtuelle au forum des images\" data-id=\"1061\"  data-category=\"portfolio\" data-post_tag=\"digital formation intervention\">\n\t\t\t\t\t\t\t<div class=\"dpt-entry-wrapper\"><div class=\" dpt-featured-content\"><div class=\" dpt-permalink\"><a href=\"https:\/\/florianemariellejob.fr\/index.php\/2026\/08\/22\/intervention-rencontre-mediation-realite-virtuelle-au-forum-des-images\/\" class=\"dpt-permalink\"><span class=\"screen-reader-text\">Intervention \/\/ Rencontre m\u00e9diation r\u00e9alit\u00e9 virtuelle au Forum des images<\/span><\/a><\/div><div class=\" dpt-thumbnail\"><div class=\"dpt-thumbnail-inner\"><img width=\"1080\" height=\"1080\" class=\"attachment-full size-full no-lazy\" alt=\"\" context=\"dpt\" data-dpt-src=\"https:\/\/florianemariellejob.fr\/wp-content\/uploads\/2026\/08\/Sans-titre-1.png\" data-dpt-sizes=\"(max-width: 709px) 85vw, (max-width: 909px) 67vw, (max-width: 1362px) 62vw, 840px\" data-dpt-srcset=\"https:\/\/florianemariellejob.fr\/wp-content\/uploads\/2026\/08\/Sans-titre-1.png 1080w, https:\/\/florianemariellejob.fr\/wp-content\/uploads\/2026\/08\/Sans-titre-1-300x300.png 300w, https:\/\/florianemariellejob.fr\/wp-content\/uploads\/2026\/08\/Sans-titre-1-1024x1024.png 1024w, https:\/\/florianemariellejob.fr\/wp-content\/uploads\/2026\/08\/Sans-titre-1-150x150.png 150w, https:\/\/florianemariellejob.fr\/wp-content\/uploads\/2026\/08\/Sans-titre-1-768x768.png 768w\" \/><\/div><span class=\"dpt-thumbnail-aspect-ratio\" style=\"padding-top: 75%\"><\/span><\/div><\/div><div class=\" sub-entry\"><h3 class=\" dpt-title\"><a class=\"dpt-title-link\" href=\"https:\/\/florianemariellejob.fr\/index.php\/2026\/08\/22\/intervention-rencontre-mediation-realite-virtuelle-au-forum-des-images\/\" rel=\"bookmark\">Intervention \/\/ Rencontre m\u00e9diation r\u00e9alit\u00e9 virtuelle au Forum des images<\/a><\/h3><div class=\"dpt-meta1 dpt-meta\"><div class=\" dpt-author\"><a href=\"https:\/\/florianemariellejob.fr\/index.php\/author\/admin4044\/\"><span>Floriane-Marielle JOB<\/span><\/a><\/div> &middot; <div class=\" dpt-date\"><time datetime=\"2026-08-22T14:29:14+02:00\">22\/08\/2026<\/time><\/div><\/div><\/div><\/div>\n\t\t\t\t\t\t<\/div><!-- .dpt-entry -->\n\t\t\t\t\t\t\t\t\t\t\t\t<div class=\"dpt-entry has-thumbnail\" data-title=\"portrait \/\/ marc endeweld (promo 2004), un journaliste qui fait le choix de l\u2019enqu\u00eate\" data-id=\"1057\"  data-category=\"portfolio\" data-post_tag=\"portrait\">\n\t\t\t\t\t\t\t<div class=\"dpt-entry-wrapper\"><div class=\" dpt-featured-content\"><div class=\" dpt-permalink\"><a href=\"https:\/\/florianemariellejob.fr\/index.php\/2026\/08\/22\/portrait-marc-endeweld-promo-2004-un-journaliste-qui-fait-le-choix-de-lenquete\/\" class=\"dpt-permalink\"><span class=\"screen-reader-text\">Portrait \/\/ Marc Endeweld (promo 2004), un journaliste qui fait le choix de l\u2019enqu\u00eate<\/span><\/a><\/div><div class=\" dpt-thumbnail\"><div class=\"dpt-thumbnail-inner\"><img width=\"1080\" height=\"1080\" class=\"attachment-full size-full no-lazy\" alt=\"\" context=\"dpt\" data-dpt-src=\"https:\/\/florianemariellejob.fr\/wp-content\/uploads\/2020\/08\/ME.png\" data-dpt-sizes=\"(max-width: 709px) 85vw, (max-width: 909px) 67vw, (max-width: 1362px) 62vw, 840px\" data-dpt-srcset=\"https:\/\/florianemariellejob.fr\/wp-content\/uploads\/2020\/08\/ME.png 1080w, https:\/\/florianemariellejob.fr\/wp-content\/uploads\/2020\/08\/ME-300x300.png 300w, https:\/\/florianemariellejob.fr\/wp-content\/uploads\/2020\/08\/ME-1024x1024.png 1024w, https:\/\/florianemariellejob.fr\/wp-content\/uploads\/2020\/08\/ME-150x150.png 150w, https:\/\/florianemariellejob.fr\/wp-content\/uploads\/2020\/08\/ME-768x768.png 768w\" \/><\/div><span class=\"dpt-thumbnail-aspect-ratio\" style=\"padding-top: 75%\"><\/span><\/div><\/div><div class=\" sub-entry\"><h3 class=\" dpt-title\"><a class=\"dpt-title-link\" href=\"https:\/\/florianemariellejob.fr\/index.php\/2026\/08\/22\/portrait-marc-endeweld-promo-2004-un-journaliste-qui-fait-le-choix-de-lenquete\/\" rel=\"bookmark\">Portrait \/\/ Marc Endeweld (promo 2004), un journaliste qui fait le choix de l\u2019enqu\u00eate<\/a><\/h3><div class=\"dpt-meta1 dpt-meta\"><div class=\" dpt-author\"><a href=\"https:\/\/florianemariellejob.fr\/index.php\/author\/admin4044\/\"><span>Floriane-Marielle JOB<\/span><\/a><\/div> &middot; <div class=\" dpt-date\"><time datetime=\"2026-08-22T14:20:43+02:00\">22\/08\/2026<\/time><\/div><\/div><\/div><\/div>\n\t\t\t\t\t\t<\/div><!-- .dpt-entry -->\n\t\t\t\t\t\t\t\t\t\t\t\t<div class=\"dpt-entry has-thumbnail\" data-title=\"conseil \/\/ pac\u00e9. ils r\u00e9fl\u00e9chissent \u00e0 la m\u00e9diath\u00e8que du futur\" data-id=\"1096\"  data-category=\"portfolio\" data-post_tag=\"formation intervention ux\">\n\t\t\t\t\t\t\t<div class=\"dpt-entry-wrapper\"><div class=\" dpt-featured-content\"><div class=\" dpt-permalink\"><a href=\"https:\/\/florianemariellejob.fr\/index.php\/2026\/08\/22\/conseil-pace-ils-reflechissent-a-la-mediatheque-du-futur\/\" class=\"dpt-permalink\"><span class=\"screen-reader-text\">Conseil \/\/ Pac\u00e9. Ils r\u00e9fl\u00e9chissent \u00e0 la m\u00e9diath\u00e8que du futur<\/span><\/a><\/div><div class=\" dpt-thumbnail\"><div class=\"dpt-thumbnail-inner\"><img width=\"1080\" height=\"1080\" class=\"attachment-full size-full no-lazy\" alt=\"\" context=\"dpt\" data-dpt-src=\"https:\/\/florianemariellejob.fr\/wp-content\/uploads\/2021\/02\/Sans-titre.jpg\" data-dpt-sizes=\"(max-width: 709px) 85vw, (max-width: 909px) 67vw, (max-width: 1362px) 62vw, 840px\" data-dpt-srcset=\"https:\/\/florianemariellejob.fr\/wp-content\/uploads\/2021\/02\/Sans-titre.jpg 1080w, https:\/\/florianemariellejob.fr\/wp-content\/uploads\/2021\/02\/Sans-titre-300x300.jpg 300w, https:\/\/florianemariellejob.fr\/wp-content\/uploads\/2021\/02\/Sans-titre-1024x1024.jpg 1024w, https:\/\/florianemariellejob.fr\/wp-content\/uploads\/2021\/02\/Sans-titre-150x150.jpg 150w, https:\/\/florianemariellejob.fr\/wp-content\/uploads\/2021\/02\/Sans-titre-768x768.jpg 768w\" \/><\/div><span class=\"dpt-thumbnail-aspect-ratio\" style=\"padding-top: 75%\"><\/span><\/div><\/div><div class=\" sub-entry\"><h3 class=\" dpt-title\"><a class=\"dpt-title-link\" href=\"https:\/\/florianemariellejob.fr\/index.php\/2026\/08\/22\/conseil-pace-ils-reflechissent-a-la-mediatheque-du-futur\/\" rel=\"bookmark\">Conseil \/\/ Pac\u00e9. Ils r\u00e9fl\u00e9chissent \u00e0 la m\u00e9diath\u00e8que du futur<\/a><\/h3><div class=\"dpt-meta1 dpt-meta\"><div class=\" dpt-author\"><a href=\"https:\/\/florianemariellejob.fr\/index.php\/author\/admin4044\/\"><span>Floriane-Marielle JOB<\/span><\/a><\/div> &middot; <div class=\" dpt-date\"><time datetime=\"2026-08-22T14:52:55+02:00\">22\/08\/2026<\/time><\/div><\/div><\/div><\/div>\n\t\t\t\t\t\t<\/div><!-- .dpt-entry -->\n\t\t\t\t\t\t\n\t\t\t\t<\/div>\n\t\t\t<div class=\"dp-pagination\"><span aria-current=\"page\" class=\"page-numbers current\">1<\/span>\n<a class=\"page-numbers\" href=\"https:\/\/florianemariellejob.fr\/index.php\/wp-json\/wp\/v2\/pages\/8\/?paged1=2\">2<\/a>\n<a class=\"page-numbers\" href=\"https:\/\/florianemariellejob.fr\/index.php\/wp-json\/wp\/v2\/pages\/8\/?paged1=3\">3<\/a>\n<a class=\"next page-numbers\" href=\"https:\/\/florianemariellejob.fr\/index.php\/wp-json\/wp\/v2\/pages\/8\/?paged1=2\">Suivant\u00a0\u00bb<\/a><\/div>\t\t\t<\/div>\n\t\t\t","protected":false},"excerpt":{"rendered":"","protected":false},"author":1,"featured_media":0,"parent":0,"menu_order":2,"comment_status":"closed","ping_status":"closed","template":"","meta":{"footnotes":""},"class_list":["post-8","page","type-page","status-publish","hentry"],"yoast_head":"<!-- This site is optimized with the Yoast SEO plugin v28.3 - https:\/\/yoast.com\/product\/yoast-seo-wordpress\/ -->\n<title>Portfolio - Floriane-Marielle JOB<\/title>\n<meta name=\"robots\" content=\"index, follow, max-snippet:-1, max-image-preview:large, max-video-preview:-1\" \/>\n<link rel=\"canonical\" href=\"https:\/\/florianemariellejob.fr\/index.php\/portfolio\/\" \/>\n<meta property=\"og:locale\" content=\"fr_FR\" \/>\n<meta property=\"og:type\" content=\"article\" \/>\n<meta property=\"og:title\" content=\"Portfolio - Floriane-Marielle JOB\" \/>\n<meta property=\"og:url\" content=\"https:\/\/florianemariellejob.fr\/index.php\/portfolio\/\" \/>\n<meta property=\"og:site_name\" content=\"Floriane-Marielle JOB\" \/>\n<meta property=\"article:modified_time\" content=\"2026-08-23T12:34:33+00:00\" \/>\n<meta name=\"twitter:card\" content=\"summary_large_image\" \/>\n<script type=\"application\/ld+json\" class=\"yoast-schema-graph\">{\"@context\":\"https:\\\/\\\/schema.org\",\"@graph\":[{\"@type\":\"WebPage\",\"@id\":\"https:\\\/\\\/florianemariellejob.fr\\\/index.php\\\/portfolio\\\/\",\"url\":\"https:\\\/\\\/florianemariellejob.fr\\\/index.php\\\/portfolio\\\/\",\"name\":\"Portfolio - Floriane-Marielle JOB\",\"isPartOf\":{\"@id\":\"https:\\\/\\\/florianemariellejob.fr\\\/#website\"},\"datePublished\":\"2017-12-21T14:54:42+00:00\",\"dateModified\":\"2026-08-23T12:34:33+00:00\",\"breadcrumb\":{\"@id\":\"https:\\\/\\\/florianemariellejob.fr\\\/index.php\\\/portfolio\\\/#breadcrumb\"},\"inLanguage\":\"fr-FR\",\"potentialAction\":[{\"@type\":\"ReadAction\",\"target\":[\"https:\\\/\\\/florianemariellejob.fr\\\/index.php\\\/portfolio\\\/\"]}]},{\"@type\":\"BreadcrumbList\",\"@id\":\"https:\\\/\\\/florianemariellejob.fr\\\/index.php\\\/portfolio\\\/#breadcrumb\",\"itemListElement\":[{\"@type\":\"ListItem\",\"position\":1,\"name\":\"Accueil\",\"item\":\"https:\\\/\\\/florianemariellejob.fr\\\/\"},{\"@type\":\"ListItem\",\"position\":2,\"name\":\"Portfolio\"}]},{\"@type\":\"WebSite\",\"@id\":\"https:\\\/\\\/florianemariellejob.fr\\\/#website\",\"url\":\"https:\\\/\\\/florianemariellejob.fr\\\/\",\"name\":\"Floriane-Marielle JOB\",\"description\":\"Cr\u00e9ativit\u00e9 - Ing\u00e9nierie culturelle - Management - Transmission \",\"publisher\":{\"@id\":\"https:\\\/\\\/florianemariellejob.fr\\\/#\\\/schema\\\/person\\\/3480bc829cf49e1c4eb73c2ebc2db4bb\"},\"potentialAction\":[{\"@type\":\"SearchAction\",\"target\":{\"@type\":\"EntryPoint\",\"urlTemplate\":\"https:\\\/\\\/florianemariellejob.fr\\\/?s={search_term_string}\"},\"query-input\":{\"@type\":\"PropertyValueSpecification\",\"valueRequired\":true,\"valueName\":\"search_term_string\"}}],\"inLanguage\":\"fr-FR\"},{\"@type\":[\"Person\",\"Organization\"],\"@id\":\"https:\\\/\\\/florianemariellejob.fr\\\/#\\\/schema\\\/person\\\/3480bc829cf49e1c4eb73c2ebc2db4bb\",\"name\":\"Floriane-Marielle JOB\",\"image\":{\"@type\":\"ImageObject\",\"inLanguage\":\"fr-FR\",\"@id\":\"https:\\\/\\\/florianemariellejob.fr\\\/wp-content\\\/uploads\\\/2026\\\/08\\\/IMG_9809carreNB-scaled.jpg\",\"url\":\"https:\\\/\\\/florianemariellejob.fr\\\/wp-content\\\/uploads\\\/2026\\\/08\\\/IMG_9809carreNB-scaled.jpg\",\"contentUrl\":\"https:\\\/\\\/florianemariellejob.fr\\\/wp-content\\\/uploads\\\/2026\\\/08\\\/IMG_9809carreNB-scaled.jpg\",\"width\":2560,\"height\":2560,\"caption\":\"Floriane-Marielle JOB\"},\"logo\":{\"@id\":\"https:\\\/\\\/florianemariellejob.fr\\\/wp-content\\\/uploads\\\/2026\\\/08\\\/IMG_9809carreNB-scaled.jpg\"}}]}<\/script>\n<!-- \/ Yoast SEO plugin. -->","yoast_head_json":{"title":"Portfolio - Floriane-Marielle JOB","robots":{"index":"index","follow":"follow","max-snippet":"max-snippet:-1","max-image-preview":"max-image-preview:large","max-video-preview":"max-video-preview:-1"},"canonical":"https:\/\/florianemariellejob.fr\/index.php\/portfolio\/","og_locale":"fr_FR","og_type":"article","og_title":"Portfolio - Floriane-Marielle JOB","og_url":"https:\/\/florianemariellejob.fr\/index.php\/portfolio\/","og_site_name":"Floriane-Marielle JOB","article_modified_time":"2026-08-23T12:34:33+00:00","twitter_card":"summary_large_image","schema":{"@context":"https:\/\/schema.org","@graph":[{"@type":"WebPage","@id":"https:\/\/florianemariellejob.fr\/index.php\/portfolio\/","url":"https:\/\/florianemariellejob.fr\/index.php\/portfolio\/","name":"Portfolio - Floriane-Marielle JOB","isPartOf":{"@id":"https:\/\/florianemariellejob.fr\/#website"},"datePublished":"2017-12-21T14:54:42+00:00","dateModified":"2026-08-23T12:34:33+00:00","breadcrumb":{"@id":"https:\/\/florianemariellejob.fr\/index.php\/portfolio\/#breadcrumb"},"inLanguage":"fr-FR","potentialAction":[{"@type":"ReadAction","target":["https:\/\/florianemariellejob.fr\/index.php\/portfolio\/"]}]},{"@type":"BreadcrumbList","@id":"https:\/\/florianemariellejob.fr\/index.php\/portfolio\/#breadcrumb","itemListElement":[{"@type":"ListItem","position":1,"name":"Accueil","item":"https:\/\/florianemariellejob.fr\/"},{"@type":"ListItem","position":2,"name":"Portfolio"}]},{"@type":"WebSite","@id":"https:\/\/florianemariellejob.fr\/#website","url":"https:\/\/florianemariellejob.fr\/","name":"Floriane-Marielle JOB","description":"Cr\u00e9ativit\u00e9 - Ing\u00e9nierie culturelle - Management - Transmission ","publisher":{"@id":"https:\/\/florianemariellejob.fr\/#\/schema\/person\/3480bc829cf49e1c4eb73c2ebc2db4bb"},"potentialAction":[{"@type":"SearchAction","target":{"@type":"EntryPoint","urlTemplate":"https:\/\/florianemariellejob.fr\/?s={search_term_string}"},"query-input":{"@type":"PropertyValueSpecification","valueRequired":true,"valueName":"search_term_string"}}],"inLanguage":"fr-FR"},{"@type":["Person","Organization"],"@id":"https:\/\/florianemariellejob.fr\/#\/schema\/person\/3480bc829cf49e1c4eb73c2ebc2db4bb","name":"Floriane-Marielle JOB","image":{"@type":"ImageObject","inLanguage":"fr-FR","@id":"https:\/\/florianemariellejob.fr\/wp-content\/uploads\/2026\/08\/IMG_9809carreNB-scaled.jpg","url":"https:\/\/florianemariellejob.fr\/wp-content\/uploads\/2026\/08\/IMG_9809carreNB-scaled.jpg","contentUrl":"https:\/\/florianemariellejob.fr\/wp-content\/uploads\/2026\/08\/IMG_9809carreNB-scaled.jpg","width":2560,"height":2560,"caption":"Floriane-Marielle JOB"},"logo":{"@id":"https:\/\/florianemariellejob.fr\/wp-content\/uploads\/2026\/08\/IMG_9809carreNB-scaled.jpg"}}]}},"_links":{"self":[{"href":"https:\/\/florianemariellejob.fr\/index.php\/wp-json\/wp\/v2\/pages\/8","targetHints":{"allow":["GET"]}}],"collection":[{"href":"https:\/\/florianemariellejob.fr\/index.php\/wp-json\/wp\/v2\/pages"}],"about":[{"href":"https:\/\/florianemariellejob.fr\/index.php\/wp-json\/wp\/v2\/types\/page"}],"author":[{"embeddable":true,"href":"https:\/\/florianemariellejob.fr\/index.php\/wp-json\/wp\/v2\/users\/1"}],"replies":[{"embeddable":true,"href":"https:\/\/florianemariellejob.fr\/index.php\/wp-json\/wp\/v2\/comments?post=8"}],"version-history":[{"count":23,"href":"https:\/\/florianemariellejob.fr\/index.php\/wp-json\/wp\/v2\/pages\/8\/revisions"}],"predecessor-version":[{"id":1125,"href":"https:\/\/florianemariellejob.fr\/index.php\/wp-json\/wp\/v2\/pages\/8\/revisions\/1125"}],"wp:attachment":[{"href":"https:\/\/florianemariellejob.fr\/index.php\/wp-json\/wp\/v2\/media?parent=8"}],"curies":[{"name":"wp","href":"https:\/\/api.w.org\/{rel}","templated":true}]}}