{"id":764,"date":"2020-10-17T14:26:55","date_gmt":"2020-10-17T12:26:55","guid":{"rendered":"http:\/\/florianemariellejob.fr\/?post_type=rara-portfolio&#038;p=764"},"modified":"2025-05-19T09:39:09","modified_gmt":"2025-05-19T07:39:09","slug":"formation-culture-et-crise-sanitaire-quels-enseignements-et-enjeux","status":"publish","type":"rara-portfolio","link":"https:\/\/florianemariellejob.fr\/index.php\/portfolio\/formation-culture-et-crise-sanitaire-quels-enseignements-et-enjeux\/","title":{"rendered":"Formation \/\/ Culture et crise sanitaire : quels enseignements et enjeux ?"},"content":{"rendered":"\n<p><em>Cette formation s&rsquo;est d\u00e9roul\u00e9e le 06 oct. 2020<\/em> et est \u00e0 revoir sur la plateforme <a href=\"https:\/\/www.idealco.fr\/formation\/culture-crise-sanitaire-enseignements-defis-relever-etablissements-culturels-12506#\" data-type=\"URL\" data-id=\"https:\/\/www.idealco.fr\/formation\/culture-crise-sanitaire-enseignements-defis-relever-etablissements-culturels-12506#\">IdealCo<\/a>.<\/p>\n\n\n\n<p>La crise du COVID 19 a conduit chaque service et structure culturelle \u00e0 se repositionner et \u00e0 relever de nouveaux d\u00e9fis de mani\u00e8re quotidienne pour continuer les actions de diffusion, de cr\u00e9ation et de transmission. <strong>Quels enseignements peut-on faire et quels sont les enjeux qui se pr\u00e9sentent en cette rentr\u00e9e ?<\/strong><br><\/p>\n\n\n\n<p><strong>Acteurs culturels<\/strong> vous avez relev\u00e9 au quotidien les d\u00e9fis que la crise sanitaire vous pr\u00e9sentait. <strong>Venez \u00e9changer, mettre en perspective et prendre du recul <\/strong>sur ces derniers mois afin de commencer cette nouvelle saison avec des pistes de travail et une \u00e9nergie retrouv\u00e9e.<br><\/p>\n\n\n\n<p><strong>Les enseignements de la crise sanitaire sur :<\/strong> les modes de travail, la communication, l&rsquo;offre de service web.<\/p>\n\n\n\n<p><strong>Les d\u00e9fis \u00e0 relever :<\/strong> le management, l&rsquo;inclusion et les droits culturels, l&rsquo;\u00e9ducation artistique et culturelle, l&rsquo;\u00e9ducation artistique et culturelle, les partenariats, les mod\u00e8les \u00e9conomiques, le soutiens aux professionnels.<\/p>\n","protected":false},"excerpt":{"rendered":"<p>Cette formation s&rsquo;est d\u00e9roul\u00e9e le 06 oct. 2020 et est \u00e0 revoir sur la plateforme IdealCo. La crise du COVID 19 a conduit chaque service et structure culturelle \u00e0 se repositionner et \u00e0 relever de nouveaux d\u00e9fis de mani\u00e8re quotidienne pour continuer les actions de diffusion, de cr\u00e9ation et de transmission. Quels enseignements peut-on faire &hellip; <a href=\"https:\/\/florianemariellejob.fr\/index.php\/portfolio\/formation-culture-et-crise-sanitaire-quels-enseignements-et-enjeux\/\" class=\"more-link\">Continuer la lecture<span class=\"screen-reader-text\"> de &laquo;&nbsp;Formation \/\/ Culture et crise sanitaire : quels enseignements et enjeux ?&nbsp;&raquo;<\/span><\/a><\/p>\n","protected":false},"author":1,"featured_media":766,"template":"","rara_portfolio_categories":[],"_links":{"self":[{"href":"https:\/\/florianemariellejob.fr\/index.php\/wp-json\/wp\/v2\/rara-portfolio\/764"}],"collection":[{"href":"https:\/\/florianemariellejob.fr\/index.php\/wp-json\/wp\/v2\/rara-portfolio"}],"about":[{"href":"https:\/\/florianemariellejob.fr\/index.php\/wp-json\/wp\/v2\/types\/rara-portfolio"}],"author":[{"embeddable":true,"href":"https:\/\/florianemariellejob.fr\/index.php\/wp-json\/wp\/v2\/users\/1"}],"wp:featuredmedia":[{"embeddable":true,"href":"https:\/\/florianemariellejob.fr\/index.php\/wp-json\/wp\/v2\/media\/766"}],"wp:attachment":[{"href":"https:\/\/florianemariellejob.fr\/index.php\/wp-json\/wp\/v2\/media?parent=764"}],"wp:term":[{"taxonomy":"rara_portfolio_categories","embeddable":true,"href":"https:\/\/florianemariellejob.fr\/index.php\/wp-json\/wp\/v2\/rara_portfolio_categories?post=764"}],"curies":[{"name":"wp","href":"https:\/\/api.w.org\/{rel}","templated":true}]}}