{"id":906,"date":"2022-04-26T21:33:21","date_gmt":"2022-04-26T19:33:21","guid":{"rendered":"https:\/\/florianemariellejob.fr\/?post_type=rara-portfolio&#038;p=906"},"modified":"2025-05-19T09:38:46","modified_gmt":"2025-05-19T07:38:46","slug":"formation-le-projet-detablissement-en-bibliotheque","status":"publish","type":"rara-portfolio","link":"https:\/\/florianemariellejob.fr\/index.php\/portfolio\/formation-le-projet-detablissement-en-bibliotheque\/","title":{"rendered":"Formation \/\/ Le projet d&rsquo;\u00e9tablissement en biblioth\u00e8que"},"content":{"rendered":"\n<p>Formation action sur deux jours conduite avec <a href=\"https:\/\/fr.linkedin.com\/in\/guillaume-gast\" data-type=\"URL\" data-id=\"https:\/\/fr.linkedin.com\/in\/guillaume-gast\">Guillaume Gast<\/a> aupr\u00e8s du Cnfpt \u00e0 destination des professionnels en charge de conduire un projet d&rsquo;\u00e9tablissement en biblioth\u00e8que. <\/p>\n\n\n\n<p><strong>Programme d&rsquo;intervention<\/strong> : <\/p>\n\n\n\n<p>Journ\u00e9e 1 <\/p>\n\n\n\n<ul><li>Matin\u00e9e : Cadre, enjeux et mise en place d\u2019un projet d\u2019\u00e9tablissement<\/li><li>Apr\u00e8s-midi : Activation et mise en pratique&nbsp;<\/li><\/ul>\n\n\n\n<p>Journ\u00e9e 2 <\/p>\n\n\n\n<ul><li>Matin\u00e9e : Retour d\u2019exp\u00e9rience sur le projet de la M\u00e9diath\u00e8que Nord de l\u2019Eurom\u00e9tropole de Strasbourg dans la r\u00e9daction et la mise en \u0153uvre d&rsquo;un projet d&rsquo;\u00e9tablissement<\/li><li>Apr\u00e8s-midi : Activation et mise en pratique, bilan de la formation<\/li><\/ul>\n\n\n\n<figure class=\"wp-block-embed is-type-rich is-provider-slideshare wp-block-embed-slideshare\"><div class=\"wp-block-embed__wrapper\">\n<iframe loading=\"lazy\" title=\"Formation projet d&#039;\u00e9tablissement en biblioth\u00e8que\" src=\"https:\/\/www.slideshare.net\/slideshow\/embed_code\/key\/yl9TGO30HzScRi\" width=\"427\" height=\"356\" frameborder=\"0\" marginwidth=\"0\" marginheight=\"0\" scrolling=\"no\" style=\"border:1px solid #CCC; border-width:1px; margin-bottom:5px; max-width: 100%;\" allowfullscreen> <\/iframe> <div style=\"margin-bottom:5px\"> <strong> <a href=\"https:\/\/www.slideshare.net\/FlorianeMarielleJOB\/formation-projet-dtablissement-en-bibliothque\" title=\"Formation projet d&#39;\u00e9tablissement en biblioth\u00e8que\" target=\"_blank\">Formation projet d&#39;\u00e9tablissement en biblioth\u00e8que<\/a> <\/strong> from <strong><a href=\"https:\/\/www.slideshare.net\/FlorianeMarielleJOB\" target=\"_blank\">Floriane-Marielle JOB<\/a><\/strong> <\/div>\n<\/div><\/figure>\n\n\n\n<figure class=\"wp-block-image size-large\"><img loading=\"lazy\" decoding=\"async\" width=\"1024\" height=\"768\" src=\"https:\/\/florianemariellejob.fr\/wp-content\/uploads\/2022\/04\/IMG_6019-1024x768.jpg\" alt=\"\" class=\"wp-image-908\" srcset=\"https:\/\/florianemariellejob.fr\/wp-content\/uploads\/2022\/04\/IMG_6019-1024x768.jpg 1024w, https:\/\/florianemariellejob.fr\/wp-content\/uploads\/2022\/04\/IMG_6019-300x225.jpg 300w, https:\/\/florianemariellejob.fr\/wp-content\/uploads\/2022\/04\/IMG_6019-768x576.jpg 768w, https:\/\/florianemariellejob.fr\/wp-content\/uploads\/2022\/04\/IMG_6019-1536x1151.jpg 1536w, https:\/\/florianemariellejob.fr\/wp-content\/uploads\/2022\/04\/IMG_6019-2048x1535.jpg 2048w, https:\/\/florianemariellejob.fr\/wp-content\/uploads\/2022\/04\/IMG_6019-1200x900.jpg 1200w\" sizes=\"(max-width: 709px) 85vw, (max-width: 909px) 67vw, (max-width: 1362px) 62vw, 840px\" \/><\/figure>\n","protected":false},"excerpt":{"rendered":"<p>Formation action sur deux jours conduite avec Guillaume Gast aupr\u00e8s du Cnfpt \u00e0 destination des professionnels en charge de conduire un projet d&rsquo;\u00e9tablissement en biblioth\u00e8que. Programme d&rsquo;intervention : Journ\u00e9e 1 Matin\u00e9e : Cadre, enjeux et mise en place d\u2019un projet d\u2019\u00e9tablissement Apr\u00e8s-midi : Activation et mise en pratique&nbsp; Journ\u00e9e 2 Matin\u00e9e : Retour d\u2019exp\u00e9rience sur &hellip; <a href=\"https:\/\/florianemariellejob.fr\/index.php\/portfolio\/formation-le-projet-detablissement-en-bibliotheque\/\" class=\"more-link\">Continuer la lecture<span class=\"screen-reader-text\"> de &laquo;&nbsp;Formation \/\/ Le projet d&rsquo;\u00e9tablissement en biblioth\u00e8que&nbsp;&raquo;<\/span><\/a><\/p>\n","protected":false},"author":1,"featured_media":909,"template":"","rara_portfolio_categories":[44],"_links":{"self":[{"href":"https:\/\/florianemariellejob.fr\/index.php\/wp-json\/wp\/v2\/rara-portfolio\/906"}],"collection":[{"href":"https:\/\/florianemariellejob.fr\/index.php\/wp-json\/wp\/v2\/rara-portfolio"}],"about":[{"href":"https:\/\/florianemariellejob.fr\/index.php\/wp-json\/wp\/v2\/types\/rara-portfolio"}],"author":[{"embeddable":true,"href":"https:\/\/florianemariellejob.fr\/index.php\/wp-json\/wp\/v2\/users\/1"}],"wp:featuredmedia":[{"embeddable":true,"href":"https:\/\/florianemariellejob.fr\/index.php\/wp-json\/wp\/v2\/media\/909"}],"wp:attachment":[{"href":"https:\/\/florianemariellejob.fr\/index.php\/wp-json\/wp\/v2\/media?parent=906"}],"wp:term":[{"taxonomy":"rara_portfolio_categories","embeddable":true,"href":"https:\/\/florianemariellejob.fr\/index.php\/wp-json\/wp\/v2\/rara_portfolio_categories?post=906"}],"curies":[{"name":"wp","href":"https:\/\/api.w.org\/{rel}","templated":true}]}}